{"version":"1.0","provider_name":"El Clot de Galvany","provider_url":"https:\/\/clotdegalvany.es\/va\/","author_name":"Administrador El Clot de Galvany","author_url":"https:\/\/clotdegalvany.es\/va\/author\/el-clot-de-galvany\/","title":"Esliz\u00f3n Ib\u00e9rico en el Clot - El Clot de Galvany","type":"rich","width":600,"height":338,"html":"<blockquote class=\"wp-embedded-content\" data-secret=\"asgwRIXwS5\"><a href=\"https:\/\/clotdegalvany.es\/va\/eslizon-iberico-en-el-clot-2\/\">Esliz\u00f3n Ib\u00e9rico en el Clot<\/a><\/blockquote><iframe sandbox=\"allow-scripts\" security=\"restricted\" src=\"https:\/\/clotdegalvany.es\/va\/eslizon-iberico-en-el-clot-2\/embed\/#?secret=asgwRIXwS5\" width=\"600\" height=\"338\" title=\"&#8220;Esliz\u00f3n Ib\u00e9rico en el Clot&#8221; &#8212; El Clot de Galvany\" data-secret=\"asgwRIXwS5\" frameborder=\"0\" marginwidth=\"0\" marginheight=\"0\" scrolling=\"no\" class=\"wp-embedded-content\"><\/iframe><script>\n\/*! This file is auto-generated *\/\n!function(d,l){\"use strict\";l.querySelector&&d.addEventListener&&\"undefined\"!=typeof URL&&(d.wp=d.wp||{},d.wp.receiveEmbedMessage||(d.wp.receiveEmbedMessage=function(e){var t=e.data;if((t||t.secret||t.message||t.value)&&!\/[^a-zA-Z0-9]\/.test(t.secret)){for(var s,r,n,a=l.querySelectorAll('iframe[data-secret=\"'+t.secret+'\"]'),o=l.querySelectorAll('blockquote[data-secret=\"'+t.secret+'\"]'),c=new RegExp(\"^https?:$\",\"i\"),i=0;i<o.length;i++)o[i].style.display=\"none\";for(i=0;i<a.length;i++)s=a[i],e.source===s.contentWindow&&(s.removeAttribute(\"style\"),\"height\"===t.message?(1e3<(r=parseInt(t.value,10))?r=1e3:~~r<200&&(r=200),s.height=r):\"link\"===t.message&&(r=new URL(s.getAttribute(\"src\")),n=new URL(t.value),c.test(n.protocol))&&n.host===r.host&&l.activeElement===s&&(d.top.location.href=t.value))}},d.addEventListener(\"message\",d.wp.receiveEmbedMessage,!1),l.addEventListener(\"DOMContentLoaded\",function(){for(var e,t,s=l.querySelectorAll(\"iframe.wp-embedded-content\"),r=0;r<s.length;r++)(t=(e=s[r]).getAttribute(\"data-secret\"))||(t=Math.random().toString(36).substring(2,12),e.src+=\"#?secret=\"+t,e.setAttribute(\"data-secret\",t)),e.contentWindow.postMessage({message:\"ready\",secret:t},\"*\")},!1)))}(window,document);\n\/\/# sourceURL=https:\/\/clotdegalvany.es\/wp-includes\/js\/wp-embed.min.js\n<\/script>\n","thumbnail_url":"https:\/\/clotdegalvany.es\/wp-content\/uploads\/2013\/01\/eslizon-web.jpg","thumbnail_width":922,"thumbnail_height":692,"description":"En el transcurso de las obras de adecuaci\u00f3n del huerto semillero del Paraje Natural Municipal del Clot de Galvany se observ\u00f3 este mes un ejemplar de esliz\u00f3n ib\u00e9rico. Se trata del \u00fanico representante de los escindidos en el paraje y adem\u00e1s es un endemismo ib\u00e9rico. Este peque\u00f1o y \u00e1gil depredador tiene entre sus presas animalillos..."}