{"version":"1.0","provider_name":"El Clot de Galvany","provider_url":"https:\/\/clotdegalvany.es\/va\/","author_name":"Administrador El Clot de Galvany","author_url":"https:\/\/clotdegalvany.es\/va\/author\/el-clot-de-galvany\/","title":"D\u00eda Internacional de los Bosques - El Clot de Galvany","type":"rich","width":600,"height":338,"html":"<blockquote class=\"wp-embedded-content\" data-secret=\"fquOEH1dHi\"><a href=\"https:\/\/clotdegalvany.es\/va\/dias-internacional-de-los-bosques\/\">D\u00eda Internacional de los Bosques<\/a><\/blockquote><iframe sandbox=\"allow-scripts\" security=\"restricted\" src=\"https:\/\/clotdegalvany.es\/va\/dias-internacional-de-los-bosques\/embed\/#?secret=fquOEH1dHi\" width=\"600\" height=\"338\" title=\"&#8220;D\u00eda Internacional de los Bosques&#8221; &#8212; El Clot de Galvany\" data-secret=\"fquOEH1dHi\" frameborder=\"0\" marginwidth=\"0\" marginheight=\"0\" scrolling=\"no\" class=\"wp-embedded-content\"><\/iframe><script>\n\/*! This file is auto-generated *\/\n!function(d,l){\"use strict\";l.querySelector&&d.addEventListener&&\"undefined\"!=typeof URL&&(d.wp=d.wp||{},d.wp.receiveEmbedMessage||(d.wp.receiveEmbedMessage=function(e){var t=e.data;if((t||t.secret||t.message||t.value)&&!\/[^a-zA-Z0-9]\/.test(t.secret)){for(var s,r,n,a=l.querySelectorAll('iframe[data-secret=\"'+t.secret+'\"]'),o=l.querySelectorAll('blockquote[data-secret=\"'+t.secret+'\"]'),c=new RegExp(\"^https?:$\",\"i\"),i=0;i<o.length;i++)o[i].style.display=\"none\";for(i=0;i<a.length;i++)s=a[i],e.source===s.contentWindow&&(s.removeAttribute(\"style\"),\"height\"===t.message?(1e3<(r=parseInt(t.value,10))?r=1e3:~~r<200&&(r=200),s.height=r):\"link\"===t.message&&(r=new URL(s.getAttribute(\"src\")),n=new URL(t.value),c.test(n.protocol))&&n.host===r.host&&l.activeElement===s&&(d.top.location.href=t.value))}},d.addEventListener(\"message\",d.wp.receiveEmbedMessage,!1),l.addEventListener(\"DOMContentLoaded\",function(){for(var e,t,s=l.querySelectorAll(\"iframe.wp-embedded-content\"),r=0;r<s.length;r++)(t=(e=s[r]).getAttribute(\"data-secret\"))||(t=Math.random().toString(36).substring(2,12),e.src+=\"#?secret=\"+t,e.setAttribute(\"data-secret\",t)),e.contentWindow.postMessage({message:\"ready\",secret:t},\"*\")},!1)))}(window,document);\n\/\/# sourceURL=https:\/\/clotdegalvany.es\/wp-includes\/js\/wp-embed.min.js\n<\/script>\n","thumbnail_url":"https:\/\/clotdegalvany.es\/wp-content\/uploads\/2017\/01\/Dias_especiales_clot_galvany-01.jpg","thumbnail_width":880,"thumbnail_height":440,"description":"&nbsp; La celebraci\u00f3n del D\u00eda Forestal Mundial, tambi\u00e9n llamado D\u00eda Mundial del \u00c1rbol o D\u00eda del \u00c1rbol, se fij\u00f3 el 21 de marzo por primera vez en 1969 por recomendaci\u00f3n del Congreso Forestal Mundial que se celebr\u00f3 en Roma. Posteriormente, esta recomendaci\u00f3n fue adoptada por la Organizaci\u00f3n de Naciones Unidas para la Agricultura y la..."}