{"version":"1.0","provider_name":"El Clot de Galvany","provider_url":"https:\/\/clotdegalvany.es\/va\/","author_name":"Administrador El Clot de Galvany","author_url":"https:\/\/clotdegalvany.es\/va\/author\/el-clot-de-galvany\/","title":"D\u00eda Mundial de la Educaci\u00f3n Ambiental - El Clot de Galvany","type":"rich","width":600,"height":338,"html":"<blockquote class=\"wp-embedded-content\" data-secret=\"e9zpEdvfLd\"><a href=\"https:\/\/clotdegalvany.es\/va\/dia-mundial-de-la-educacion-ambiental\/\">D\u00eda Mundial de la Educaci\u00f3n Ambiental<\/a><\/blockquote><iframe sandbox=\"allow-scripts\" security=\"restricted\" src=\"https:\/\/clotdegalvany.es\/va\/dia-mundial-de-la-educacion-ambiental\/embed\/#?secret=e9zpEdvfLd\" width=\"600\" height=\"338\" title=\"&#8220;D\u00eda Mundial de la Educaci\u00f3n Ambiental&#8221; &#8212; El Clot de Galvany\" data-secret=\"e9zpEdvfLd\" frameborder=\"0\" marginwidth=\"0\" marginheight=\"0\" scrolling=\"no\" class=\"wp-embedded-content\"><\/iframe><script>\n\/*! This file is auto-generated *\/\n!function(d,l){\"use strict\";l.querySelector&&d.addEventListener&&\"undefined\"!=typeof URL&&(d.wp=d.wp||{},d.wp.receiveEmbedMessage||(d.wp.receiveEmbedMessage=function(e){var t=e.data;if((t||t.secret||t.message||t.value)&&!\/[^a-zA-Z0-9]\/.test(t.secret)){for(var s,r,n,a=l.querySelectorAll('iframe[data-secret=\"'+t.secret+'\"]'),o=l.querySelectorAll('blockquote[data-secret=\"'+t.secret+'\"]'),c=new RegExp(\"^https?:$\",\"i\"),i=0;i<o.length;i++)o[i].style.display=\"none\";for(i=0;i<a.length;i++)s=a[i],e.source===s.contentWindow&&(s.removeAttribute(\"style\"),\"height\"===t.message?(1e3<(r=parseInt(t.value,10))?r=1e3:~~r<200&&(r=200),s.height=r):\"link\"===t.message&&(r=new URL(s.getAttribute(\"src\")),n=new URL(t.value),c.test(n.protocol))&&n.host===r.host&&l.activeElement===s&&(d.top.location.href=t.value))}},d.addEventListener(\"message\",d.wp.receiveEmbedMessage,!1),l.addEventListener(\"DOMContentLoaded\",function(){for(var e,t,s=l.querySelectorAll(\"iframe.wp-embedded-content\"),r=0;r<s.length;r++)(t=(e=s[r]).getAttribute(\"data-secret\"))||(t=Math.random().toString(36).substring(2,12),e.src+=\"#?secret=\"+t,e.setAttribute(\"data-secret\",t)),e.contentWindow.postMessage({message:\"ready\",secret:t},\"*\")},!1)))}(window,document);\n\/\/# sourceURL=https:\/\/clotdegalvany.es\/wp-includes\/js\/wp-embed.min.js\n<\/script>\n","thumbnail_url":"https:\/\/clotdegalvany.es\/wp-content\/uploads\/2017\/01\/Dias_especiales_clot_galvany-12-1024x511.jpg","thumbnail_width":1024,"thumbnail_height":511,"description":"&nbsp; El 26 de enero de 1975, se celebr\u00f3 el Belgrado el primer \u201cSeminario Internacional de Educaci\u00f3n Ambiental\u201d, marcando uno de los hitos m\u00e1s conocidos de la historia de educaci\u00f3n relacionada con el Medio Ambiente. En memoria de este d\u00eda, se celebra cada a\u00f1o el D\u00eda Mundial de la Educaci\u00f3n Ambiental. El Clot de Galvany,..."}